{"id":7740,"date":"2025-07-25T10:10:02","date_gmt":"2025-07-25T10:10:02","guid":{"rendered":"https:\/\/choiexpert.com\/faq-sur-la-greffe-de-cheveux\/"},"modified":"2026-01-01T16:29:29","modified_gmt":"2026-01-01T16:29:29","slug":"faq-sur-la-greffe-de-cheveux","status":"publish","type":"page","link":"http:\/\/choiexpert.com\/fr\/faq-sur-la-greffe-de-cheveux\/","title":{"rendered":"FAQ sur la greffe de cheveux"},"content":{"rendered":"\t\t<div data-elementor-type=\"wp-page\" data-elementor-id=\"7740\" class=\"elementor elementor-7740\" data-elementor-post-type=\"page\">\n\t\t\t\t<div class=\"elementor-element elementor-element-6f41a57 e-flex e-con-boxed elementor-invisible e-con e-parent\" data-id=\"6f41a57\" data-element_type=\"container\" data-e-type=\"container\" data-settings=\"{&quot;background_background&quot;:&quot;classic&quot;,&quot;animation&quot;:&quot;fadeIn&quot;}\">\n\t\t\t\t\t<div class=\"e-con-inner\">\n\t\t\t\t<div class=\"elementor-element elementor-element-b56d3df grad_text elementor-widget elementor-widget-heading\" data-id=\"b56d3df\" data-element_type=\"widget\" data-e-type=\"widget\" data-widget_type=\"heading.default\">\n\t\t\t\t<div class=\"elementor-widget-container\">\n\t\t\t\t\t<h1 class=\"elementor-heading-title elementor-size-default\">Foire aux questions sur la <span>greffe de cheveux<\/span><\/h1>\t\t\t\t<\/div>\n\t\t\t\t<\/div>\n\t\t\t\t<div class=\"elementor-element elementor-element-0adb4f9 elementor-widget elementor-widget-text-editor\" data-id=\"0adb4f9\" data-element_type=\"widget\" data-e-type=\"widget\" data-widget_type=\"text-editor.default\">\n\t\t\t\t<div class=\"elementor-widget-container\">\n\t\t\t\t\t\t\t\t\t<div class=\"text-center mb-16\" data-lov-id=\"src\/pages\/Index.tsx:210:10\" data-lov-name=\"div\" data-component-path=\"src\/pages\/Index.tsx\" data-component-line=\"210\" data-component-file=\"Index.tsx\" data-component-name=\"div\" data-component-content=\"%7B%22className%22%3A%22text-center%20mb-16%22%7D\"><div class=\"text-center mb-16\" data-lov-id=\"src\/pages\/Index.tsx:364:10\" data-lov-name=\"div\" data-component-path=\"src\/pages\/Index.tsx\" data-component-line=\"364\" data-component-file=\"Index.tsx\" data-component-name=\"div\" data-component-content=\"%7B%22className%22%3A%22text-center%20mb-16%22%7D\"><div class=\"text-center mb-16\" data-lov-id=\"src\/pages\/Index.tsx:708:10\" data-lov-name=\"div\" data-component-path=\"src\/pages\/Index.tsx\" data-component-line=\"708\" data-component-file=\"Index.tsx\" data-component-name=\"div\" data-component-content=\"%7B%22className%22%3A%22text-center%20mb-16%22%7D\"><p class=\"text-xl text-slate-600 max-w-4xl mx-auto leading-relaxed\" data-lov-id=\"src\/pages\/Index.tsx:715:12\" data-lov-name=\"p\" data-component-path=\"src\/pages\/Index.tsx\" data-component-line=\"715\" data-component-file=\"Index.tsx\" data-component-name=\"p\" data-component-content=\"%7B%22text%22%3A%22The%20latest%20major%20technical%20advancement%20in%20hair%20restoration%20surgery.%20Follicles%20are%20extracted%20%5Cn%20%20%20%20%20%20%20%20%20%20%20%20%20%20one%20by%20one%20from%20the%20back%20of%20your%20head%2C%20leading%20to%20accurate%20results%20without%20any%20scars.%22%2C%22className%22%3A%22text-xl%20text-slate-600%20max-w-4xl%20mx-auto%20leading-relaxed%22%7D\">Plus de 55 % des hommes conna\u00eetront une certaine forme de perte de cheveux \u00e0 l&rsquo;\u00e2ge de 50 ans. Pour beaucoup d&rsquo;entre eux, la perte de cheveux peut survenir bien plus t\u00f4t dans leur vie, d\u00e8s l&rsquo;\u00e2ge de 20 ou 30 ans. <\/p><\/div><\/div><\/div>\t\t\t\t\t\t\t\t<\/div>\n\t\t\t\t<\/div>\n\t\t\t\t\t<\/div>\n\t\t\t\t<\/div>\n\t\t<div class=\"elementor-element elementor-element-c38165c e-flex e-con-boxed elementor-invisible e-con e-parent\" data-id=\"c38165c\" data-element_type=\"container\" data-e-type=\"container\" data-settings=\"{&quot;background_background&quot;:&quot;gradient&quot;,&quot;animation&quot;:&quot;fadeIn&quot;}\">\n\t\t\t\t\t<div class=\"e-con-inner\">\n\t\t\t\t<div class=\"elementor-element elementor-element-5f30aed elementor-widget elementor-widget-n-accordion\" data-id=\"5f30aed\" data-element_type=\"widget\" data-e-type=\"widget\" data-settings=\"{&quot;default_state&quot;:&quot;expanded&quot;,&quot;max_items_expended&quot;:&quot;one&quot;,&quot;n_accordion_animation_duration&quot;:{&quot;unit&quot;:&quot;ms&quot;,&quot;size&quot;:400,&quot;sizes&quot;:[]}}\" data-widget_type=\"nested-accordion.default\">\n\t\t\t\t<div class=\"elementor-widget-container\">\n\t\t\t\t\t\t\t<div class=\"e-n-accordion\" aria-label=\"Accordion. Open links with Enter or Space, close with Escape, and navigate with Arrow Keys\">\n\t\t\t\t\t\t<details id=\"e-n-accordion-item-9980\" class=\"e-n-accordion-item\" open>\n\t\t\t\t<summary class=\"e-n-accordion-item-title\" data-accordion-index=\"1\" tabindex=\"0\" aria-expanded=\"true\" aria-controls=\"e-n-accordion-item-9980\" >\n\t\t\t\t\t<span class='e-n-accordion-item-title-header'><div class=\"e-n-accordion-item-title-text\"> Que dois-je faire en premier ? <\/div><\/span>\n\t\t\t\t\t\t\t<span class='e-n-accordion-item-title-icon'>\n\t\t\t<span class='e-opened' ><i aria-hidden=\"true\" class=\"fas fa-arrow-up\"><\/i><\/span>\n\t\t\t<span class='e-closed'><i aria-hidden=\"true\" class=\"fas fa-arrow-down\"><\/i><\/span>\n\t\t<\/span>\n\n\t\t\t\t\t\t<\/summary>\n\t\t\t\t<div role=\"region\" aria-labelledby=\"e-n-accordion-item-9980\" class=\"elementor-element elementor-element-fb1510c e-con-full e-flex e-con e-child\" data-id=\"fb1510c\" data-element_type=\"container\" data-e-type=\"container\">\n\t\t<div role=\"region\" aria-labelledby=\"e-n-accordion-item-9980\" class=\"elementor-element elementor-element-7df5b5b e-flex e-con-boxed e-con e-child\" data-id=\"7df5b5b\" data-element_type=\"container\" data-e-type=\"container\">\n\t\t\t\t\t<div class=\"e-con-inner\">\n\t\t\t\t<div class=\"elementor-element elementor-element-a33f184 elementor-widget elementor-widget-text-editor\" data-id=\"a33f184\" data-element_type=\"widget\" data-e-type=\"widget\" data-widget_type=\"text-editor.default\">\n\t\t\t\t<div class=\"elementor-widget-container\">\n\t\t\t\t\t\t\t\t\t<div id=\"1527841999882-ad6eb1af-15a19827-2428\" class=\"vc_tta-panel vc_active\" data-vc-content=\".vc_tta-panel-body\"><div class=\"vc_tta-panel-body\"><div class=\"wpb_text_column wpb_content_element vc_custom_1585305754459\"><div class=\"wpb_wrapper\"><div id=\"1544515045939-380c928e-24ff\" class=\"vc_tta-panel vc_active\" data-vc-content=\".vc_tta-panel-body\"><div class=\"vc_tta-panel-body\"><div class=\"wpb_text_column wpb_content_element \"><div class=\"wpb_wrapper\"><p>La consultation est la premi\u00e8re chose \u00e0 faire. Nos consultants vous expliqueront toute la proc\u00e9dure, vous guideront et vous conseilleront en fonction de vos besoins personnels. <\/p><\/div><\/div><\/div><\/div><\/div><\/div><\/div><\/div>\t\t\t\t\t\t\t\t<\/div>\n\t\t\t\t<\/div>\n\t\t\t\t\t<\/div>\n\t\t\t\t<\/div>\n\t\t\t\t<\/div>\n\t\t\t\t\t<\/details>\n\t\t\t\t\t\t<details id=\"e-n-accordion-item-9981\" class=\"e-n-accordion-item\" >\n\t\t\t\t<summary class=\"e-n-accordion-item-title\" data-accordion-index=\"2\" tabindex=\"-1\" aria-expanded=\"false\" aria-controls=\"e-n-accordion-item-9981\" >\n\t\t\t\t\t<span class='e-n-accordion-item-title-header'><div class=\"e-n-accordion-item-title-text\"> O\u00f9 se d\u00e9roulera la consultation ? <\/div><\/span>\n\t\t\t\t\t\t\t<span class='e-n-accordion-item-title-icon'>\n\t\t\t<span class='e-opened' ><i aria-hidden=\"true\" class=\"fas fa-arrow-up\"><\/i><\/span>\n\t\t\t<span class='e-closed'><i aria-hidden=\"true\" class=\"fas fa-arrow-down\"><\/i><\/span>\n\t\t<\/span>\n\n\t\t\t\t\t\t<\/summary>\n\t\t\t\t<div role=\"region\" aria-labelledby=\"e-n-accordion-item-9981\" class=\"elementor-element elementor-element-5f326b0 e-con-full e-flex e-con e-child\" data-id=\"5f326b0\" data-element_type=\"container\" data-e-type=\"container\">\n\t\t\t\t<div class=\"elementor-element elementor-element-372f019 elementor-widget elementor-widget-text-editor\" data-id=\"372f019\" data-element_type=\"widget\" data-e-type=\"widget\" data-widget_type=\"text-editor.default\">\n\t\t\t\t<div class=\"elementor-widget-container\">\n\t\t\t\t\t\t\t\t\t<div id=\"1527841999882-ad6eb1af-15a19827-2428\" class=\"vc_tta-panel vc_active\" data-vc-content=\".vc_tta-panel-body\"><div class=\"vc_tta-panel-body\"><div class=\"wpb_text_column wpb_content_element vc_custom_1585305754459\"><div class=\"wpb_wrapper\"><div id=\"1527842195816-45489e4e-b9119827-2428\" class=\"vc_tta-panel vc_active\" data-vc-content=\".vc_tta-panel-body\"><div class=\"vc_tta-panel-body\"><div class=\"wpb_text_column wpb_content_element vc_custom_1583097951369\"><div class=\"wpb_wrapper\"><div id=\"1544515103425-6338a96a-eae3\" class=\"vc_tta-panel vc_active\" data-vc-content=\".vc_tta-panel-body\"><div class=\"vc_tta-panel-body\"><div class=\"wpb_text_column wpb_content_element \"><div class=\"wpb_wrapper\"><p>Nos consultations peuvent avoir lieu en personne dans notre clinique de Thessalonique, par photos ou par appel vid\u00e9o.<\/p><\/div><\/div><\/div><\/div><\/div><\/div><\/div><\/div><\/div><\/div><\/div><\/div>\t\t\t\t\t\t\t\t<\/div>\n\t\t\t\t<\/div>\n\t\t\t\t<\/div>\n\t\t\t\t\t<\/details>\n\t\t\t\t\t\t<details id=\"e-n-accordion-item-9982\" class=\"e-n-accordion-item\" >\n\t\t\t\t<summary class=\"e-n-accordion-item-title\" data-accordion-index=\"3\" tabindex=\"-1\" aria-expanded=\"false\" aria-controls=\"e-n-accordion-item-9982\" >\n\t\t\t\t\t<span class='e-n-accordion-item-title-header'><div class=\"e-n-accordion-item-title-text\"> Quel est le moment id\u00e9al pour subir une greffe de cheveux ? <\/div><\/span>\n\t\t\t\t\t\t\t<span class='e-n-accordion-item-title-icon'>\n\t\t\t<span class='e-opened' ><i aria-hidden=\"true\" class=\"fas fa-arrow-up\"><\/i><\/span>\n\t\t\t<span class='e-closed'><i aria-hidden=\"true\" class=\"fas fa-arrow-down\"><\/i><\/span>\n\t\t<\/span>\n\n\t\t\t\t\t\t<\/summary>\n\t\t\t\t<div role=\"region\" aria-labelledby=\"e-n-accordion-item-9982\" class=\"elementor-element elementor-element-5ca9fe6 e-con-full e-flex e-con e-child\" data-id=\"5ca9fe6\" data-element_type=\"container\" data-e-type=\"container\">\n\t\t\t\t<div class=\"elementor-element elementor-element-ec9b130 elementor-widget elementor-widget-text-editor\" data-id=\"ec9b130\" data-element_type=\"widget\" data-e-type=\"widget\" data-widget_type=\"text-editor.default\">\n\t\t\t\t<div class=\"elementor-widget-container\">\n\t\t\t\t\t\t\t\t\t<div id=\"1544515102473-39b13ff4-68d0\" class=\"vc_tta-panel vc_active\" data-vc-content=\".vc_tta-panel-body\"><div class=\"vc_tta-panel-body\"><div class=\"wpb_text_column wpb_content_element \"><div class=\"wpb_wrapper\"><p>\u00c0 un jeune \u00e2ge, le meilleur moyen est d&rsquo;essayer de pr\u00e9venir et de ralentir la chute des cheveux. Cependant, lorsque votre perte de cheveux provoque une d\u00e9tresse \u00e9motionnelle et de l&rsquo;anxi\u00e9t\u00e9, vous devriez envisager d&rsquo;\u00eatre conseill\u00e9 par un expert. Gr\u00e2ce \u00e0 nos protocoles de haut niveau, nous avons un plan \u00e0 vie pour chaque patient en fonction de son \u00e2ge, de la capacit\u00e9 de la zone donneuse et de la zone receveuse qui subit une perte de cheveux.  <\/p><\/div><\/div><\/div><\/div>\t\t\t\t\t\t\t\t<\/div>\n\t\t\t\t<\/div>\n\t\t\t\t<\/div>\n\t\t\t\t\t<\/details>\n\t\t\t\t\t\t<details id=\"e-n-accordion-item-9983\" class=\"e-n-accordion-item\" >\n\t\t\t\t<summary class=\"e-n-accordion-item-title\" data-accordion-index=\"4\" tabindex=\"-1\" aria-expanded=\"false\" aria-controls=\"e-n-accordion-item-9983\" >\n\t\t\t\t\t<span class='e-n-accordion-item-title-header'><div class=\"e-n-accordion-item-title-text\"> Une greffe de cheveux ind\u00e9tectable est-elle possible ? <\/div><\/span>\n\t\t\t\t\t\t\t<span class='e-n-accordion-item-title-icon'>\n\t\t\t<span class='e-opened' ><i aria-hidden=\"true\" class=\"fas fa-arrow-up\"><\/i><\/span>\n\t\t\t<span class='e-closed'><i aria-hidden=\"true\" class=\"fas fa-arrow-down\"><\/i><\/span>\n\t\t<\/span>\n\n\t\t\t\t\t\t<\/summary>\n\t\t\t\t<div role=\"region\" aria-labelledby=\"e-n-accordion-item-9983\" class=\"elementor-element elementor-element-b457fc4 e-con-full e-flex e-con e-child\" data-id=\"b457fc4\" data-element_type=\"container\" data-e-type=\"container\">\n\t\t\t\t<div class=\"elementor-element elementor-element-f0b09c6 elementor-widget elementor-widget-text-editor\" data-id=\"f0b09c6\" data-element_type=\"widget\" data-e-type=\"widget\" data-widget_type=\"text-editor.default\">\n\t\t\t\t<div class=\"elementor-widget-container\">\n\t\t\t\t\t\t\t\t\t<div id=\"1544515102473-39b13ff4-68d0\" class=\"vc_tta-panel vc_active\" data-vc-content=\".vc_tta-panel-body\"><div class=\"vc_tta-panel-body\"><div class=\"wpb_text_column wpb_content_element \"><div class=\"wpb_wrapper\"><div id=\"1544515101340-7d322d36-f2d6\" class=\"vc_tta-panel vc_active\" data-vc-content=\".vc_tta-panel-body\"><div class=\"vc_tta-panel-body\"><div class=\"wpb_text_column wpb_content_element \"><div class=\"wpb_wrapper\"><p>Gr\u00e2ce \u00e0 la combinaison de l&rsquo;exp\u00e9rience, des nouvelles technologies et de nos derni\u00e8res techniques, les lignes capillaires et les couronnes peuvent \u00eatre recr\u00e9\u00e9es ou restaur\u00e9es avec des r\u00e9sultats 100% naturels, permanents et ind\u00e9tectables.<\/p><\/div><\/div><\/div><\/div><\/div><\/div><\/div><\/div>\t\t\t\t\t\t\t\t<\/div>\n\t\t\t\t<\/div>\n\t\t\t\t<\/div>\n\t\t\t\t\t<\/details>\n\t\t\t\t\t\t<details id=\"e-n-accordion-item-9984\" class=\"e-n-accordion-item\" >\n\t\t\t\t<summary class=\"e-n-accordion-item-title\" data-accordion-index=\"5\" tabindex=\"-1\" aria-expanded=\"false\" aria-controls=\"e-n-accordion-item-9984\" >\n\t\t\t\t\t<span class='e-n-accordion-item-title-header'><div class=\"e-n-accordion-item-title-text\"> Combien de cheveux estimez-vous n\u00e9cessaire ? <\/div><\/span>\n\t\t\t\t\t\t\t<span class='e-n-accordion-item-title-icon'>\n\t\t\t<span class='e-opened' ><i aria-hidden=\"true\" class=\"fas fa-arrow-up\"><\/i><\/span>\n\t\t\t<span class='e-closed'><i aria-hidden=\"true\" class=\"fas fa-arrow-down\"><\/i><\/span>\n\t\t<\/span>\n\n\t\t\t\t\t\t<\/summary>\n\t\t\t\t<div role=\"region\" aria-labelledby=\"e-n-accordion-item-9984\" class=\"elementor-element elementor-element-36d4529 e-con-full e-flex e-con e-child\" data-id=\"36d4529\" data-element_type=\"container\" data-e-type=\"container\">\n\t\t\t\t<div class=\"elementor-element elementor-element-7e2645e elementor-widget elementor-widget-text-editor\" data-id=\"7e2645e\" data-element_type=\"widget\" data-e-type=\"widget\" data-widget_type=\"text-editor.default\">\n\t\t\t\t<div class=\"elementor-widget-container\">\n\t\t\t\t\t\t\t\t\t<div id=\"1544515102473-39b13ff4-68d0\" class=\"vc_tta-panel vc_active\" data-vc-content=\".vc_tta-panel-body\"><div class=\"vc_tta-panel-body\"><div class=\"wpb_text_column wpb_content_element \"><div class=\"wpb_wrapper\"><div id=\"1544515101340-7d322d36-f2d6\" class=\"vc_tta-panel vc_active\" data-vc-content=\".vc_tta-panel-body\"><div class=\"vc_tta-panel-body\"><div class=\"wpb_text_column wpb_content_element \"><div class=\"wpb_wrapper\"><p>C&rsquo;est une question \u00e0 laquelle on peut r\u00e9pondre apr\u00e8s une consultation et un examen approfondi de la situation. Le nombre diff\u00e8re pour chaque patient et d\u00e9pend de sa structure osseuse, de la densit\u00e9 qu&rsquo;il souhaite acqu\u00e9rir, de la capacit\u00e9 de sa zone donneuse et, bien s\u00fbr, des cheveux d\u00e9j\u00e0 existants sur la zone receveuse. En g\u00e9n\u00e9ral, lorsque seule une zone sp\u00e9cifique doit \u00eatre couverte, un r\u00e9sultat id\u00e9al peut \u00eatre obtenu en un jour. Lorsque la zone est \u00e9tendue, ou que nous devons restaurer plus d&rsquo;une zone, une s\u00e9ance de deux jours est g\u00e9n\u00e9ralement n\u00e9cessaire.   <\/p><\/div><\/div><\/div><\/div><\/div><\/div><\/div><\/div>\t\t\t\t\t\t\t\t<\/div>\n\t\t\t\t<\/div>\n\t\t\t\t<\/div>\n\t\t\t\t\t<\/details>\n\t\t\t\t\t\t<details id=\"e-n-accordion-item-9985\" class=\"e-n-accordion-item\" >\n\t\t\t\t<summary class=\"e-n-accordion-item-title\" data-accordion-index=\"6\" tabindex=\"-1\" aria-expanded=\"false\" aria-controls=\"e-n-accordion-item-9985\" >\n\t\t\t\t\t<span class='e-n-accordion-item-title-header'><div class=\"e-n-accordion-item-title-text\"> Combien de temps dois-je attendre pour une deuxi\u00e8me greffe de cheveux ? <\/div><\/span>\n\t\t\t\t\t\t\t<span class='e-n-accordion-item-title-icon'>\n\t\t\t<span class='e-opened' ><i aria-hidden=\"true\" class=\"fas fa-arrow-up\"><\/i><\/span>\n\t\t\t<span class='e-closed'><i aria-hidden=\"true\" class=\"fas fa-arrow-down\"><\/i><\/span>\n\t\t<\/span>\n\n\t\t\t\t\t\t<\/summary>\n\t\t\t\t<div role=\"region\" aria-labelledby=\"e-n-accordion-item-9985\" class=\"elementor-element elementor-element-fc621ee e-con-full e-flex e-con e-child\" data-id=\"fc621ee\" data-element_type=\"container\" data-e-type=\"container\">\n\t\t\t\t<div class=\"elementor-element elementor-element-5e4131d elementor-widget elementor-widget-text-editor\" data-id=\"5e4131d\" data-element_type=\"widget\" data-e-type=\"widget\" data-widget_type=\"text-editor.default\">\n\t\t\t\t<div class=\"elementor-widget-container\">\n\t\t\t\t\t\t\t\t\t<p>Si une deuxi\u00e8me greffe de cheveux est n\u00e9cessaire, nous vous conseillons g\u00e9n\u00e9ralement d&rsquo;attendre au moins un an avant la deuxi\u00e8me greffe, afin que les cheveux transplant\u00e9s aient le temps de pousser. Si la zone receveuse est diff\u00e9rente la deuxi\u00e8me fois, 8 \u00e0 10 mois environ suffiront pour que la zone donneuse soit compl\u00e8tement cicatris\u00e9e et puisse \u00eatre pr\u00e9lev\u00e9e \u00e0 nouveau sans aucun risque. <\/p>\t\t\t\t\t\t\t\t<\/div>\n\t\t\t\t<\/div>\n\t\t\t\t<\/div>\n\t\t\t\t\t<\/details>\n\t\t\t\t\t<\/div>\n\t\t\t\t\t\t<\/div>\n\t\t\t\t<\/div>\n\t\t\t\t\t<\/div>\n\t\t\t\t<\/div>\n\t\t<div class=\"elementor-element elementor-element-185b0ae elementor-hidden-tablet elementor-hidden-mobile e-flex e-con-boxed elementor-invisible e-con e-parent\" data-id=\"185b0ae\" data-element_type=\"container\" data-e-type=\"container\" data-settings=\"{&quot;background_background&quot;:&quot;gradient&quot;,&quot;animation&quot;:&quot;fadeIn&quot;}\">\n\t\t\t\t\t<div class=\"e-con-inner\">\n\t\t<div class=\"elementor-element elementor-element-e8590e6 e-con-full e-flex e-con e-child\" data-id=\"e8590e6\" data-element_type=\"container\" data-e-type=\"container\">\n\t\t\t\t<div class=\"elementor-element elementor-element-323dcd8 elementor-widget elementor-widget-heading\" data-id=\"323dcd8\" data-element_type=\"widget\" data-e-type=\"widget\" data-widget_type=\"heading.default\">\n\t\t\t\t<div class=\"elementor-widget-container\">\n\t\t\t\t\t<h2 class=\"elementor-heading-title elementor-size-default\">Besoin d'aide ?<\/h2>\t\t\t\t<\/div>\n\t\t\t\t<\/div>\n\t\t\t\t<\/div>\n\t\t<div class=\"elementor-element elementor-element-a53db4f e-con-full e-flex e-con e-child\" data-id=\"a53db4f\" data-element_type=\"container\" data-e-type=\"container\">\n\t\t\t\t<div class=\"elementor-element elementor-element-4bfe5bb elementor-widget elementor-widget-text-editor\" data-id=\"4bfe5bb\" data-element_type=\"widget\" data-e-type=\"widget\" data-widget_type=\"text-editor.default\">\n\t\t\t\t<div class=\"elementor-widget-container\">\n\t\t\t\t\t\t\t\t\t<p>Commencez d\u00e8s aujourd&rsquo;hui avec une consultation en ligne gratuite !<br>D\u00e9couvrez comment ChoiExpert peut vous aider \u00e0 retrouver vos cheveux et votre confiance en vous.<\/p>\t\t\t\t\t\t\t\t<\/div>\n\t\t\t\t<\/div>\n\t\t\t\t<\/div>\n\t\t<div class=\"elementor-element elementor-element-65a1ad1 e-con-full e-flex e-con e-child\" data-id=\"65a1ad1\" data-element_type=\"container\" data-e-type=\"container\">\n\t\t\t\t<div class=\"elementor-element elementor-element-238f2e1 elementor-align-right elementor-widget elementor-widget-button\" data-id=\"238f2e1\" data-element_type=\"widget\" data-e-type=\"widget\" data-widget_type=\"button.default\">\n\t\t\t\t<div class=\"elementor-widget-container\">\n\t\t\t\t\t\t\t\t\t<div class=\"elementor-button-wrapper\">\n\t\t\t\t\t<a class=\"elementor-button elementor-button-link elementor-size-sm\" href=\"https:\/\/forms.monday.com\/forms\/9140505a5d5390a8d62656d1fab476b8?r=euc1\" target=\"_blank\">\n\t\t\t\t\t\t<span class=\"elementor-button-content-wrapper\">\n\t\t\t\t\t\t\t\t\t<span class=\"elementor-button-text\">Demander \u00e0 \u00eatre rappel\u00e9<\/span>\n\t\t\t\t\t<\/span>\n\t\t\t\t\t<\/a>\n\t\t\t\t<\/div>\n\t\t\t\t\t\t\t\t<\/div>\n\t\t\t\t<\/div>\n\t\t\t\t<\/div>\n\t\t\t\t\t<\/div>\n\t\t\t\t<\/div>\n\t\t<div class=\"elementor-element elementor-element-eff9b3c e-con-full elementor-hidden-desktop e-flex elementor-invisible e-con e-parent\" data-id=\"eff9b3c\" data-element_type=\"container\" data-e-type=\"container\" data-settings=\"{&quot;background_background&quot;:&quot;gradient&quot;,&quot;animation&quot;:&quot;fadeIn&quot;}\">\n\t\t<div class=\"elementor-element elementor-element-d1de728 e-con-full e-flex e-con e-child\" data-id=\"d1de728\" data-element_type=\"container\" data-e-type=\"container\">\n\t\t\t\t<div class=\"elementor-element elementor-element-459ab56 elementor-widget elementor-widget-heading\" data-id=\"459ab56\" data-element_type=\"widget\" data-e-type=\"widget\" data-widget_type=\"heading.default\">\n\t\t\t\t<div class=\"elementor-widget-container\">\n\t\t\t\t\t<h2 class=\"elementor-heading-title elementor-size-default\">Besoin d'aide ?<\/h2>\t\t\t\t<\/div>\n\t\t\t\t<\/div>\n\t\t\t\t<div class=\"elementor-element elementor-element-aec9ae6 elementor-widget elementor-widget-text-editor\" data-id=\"aec9ae6\" data-element_type=\"widget\" data-e-type=\"widget\" data-widget_type=\"text-editor.default\">\n\t\t\t\t<div class=\"elementor-widget-container\">\n\t\t\t\t\t\t\t\t\t<p>Commencez d\u00e8s aujourd&rsquo;hui avec une consultation en ligne gratuite !<br>D\u00e9couvrez comment ChoiExpert peut vous aider \u00e0 retrouver vos cheveux et votre confiance en vous.<\/p>\t\t\t\t\t\t\t\t<\/div>\n\t\t\t\t<\/div>\n\t\t\t\t<div class=\"elementor-element elementor-element-95f17b2 elementor-align-center elementor-widget elementor-widget-button\" data-id=\"95f17b2\" data-element_type=\"widget\" data-e-type=\"widget\" data-widget_type=\"button.default\">\n\t\t\t\t<div class=\"elementor-widget-container\">\n\t\t\t\t\t\t\t\t\t<div class=\"elementor-button-wrapper\">\n\t\t\t\t\t<a class=\"elementor-button elementor-button-link elementor-size-sm\" href=\"https:\/\/forms.monday.com\/forms\/9140505a5d5390a8d62656d1fab476b8?r=euc1\" target=\"_blank\">\n\t\t\t\t\t\t<span class=\"elementor-button-content-wrapper\">\n\t\t\t\t\t\t\t\t\t<span class=\"elementor-button-text\">Demander \u00e0 \u00eatre rappel\u00e9<\/span>\n\t\t\t\t\t<\/span>\n\t\t\t\t\t<\/a>\n\t\t\t\t<\/div>\n\t\t\t\t\t\t\t\t<\/div>\n\t\t\t\t<\/div>\n\t\t\t\t<\/div>\n\t\t\t\t<\/div>\n\t\t\t\t<\/div>\n\t\t","protected":false},"excerpt":{"rendered":"<p>Foire aux questions sur la greffe de cheveux Plus de 55 % des hommes conna\u00eetront une certaine forme de perte de cheveux \u00e0 l&rsquo;\u00e2ge de 50 ans. Pour beaucoup d&rsquo;entre eux, la perte de cheveux peut survenir bien plus t\u00f4t dans leur vie, d\u00e8s l&rsquo;\u00e2ge de 20 ou 30 ans. Que dois-je faire en premier [&hellip;]<\/p>\n","protected":false},"author":2,"featured_media":0,"parent":0,"menu_order":0,"comment_status":"closed","ping_status":"closed","template":"elementor_header_footer","meta":{"inline_featured_image":false,"footnotes":""},"class_list":["post-7740","page","type-page","status-publish","hentry"],"yoast_head":"<!-- This site is optimized with the Yoast SEO plugin v27.0 - https:\/\/yoast.com\/product\/yoast-seo-wordpress\/ -->\n<title>FAQ sur la greffe de cheveux %sep%Experts en greffe de cheveux ChoiExpert.com<\/title>\n<meta name=\"description\" content=\"FAQ sur la greffe de cheveux - tout ce que vous devez savoir avant et apr\u00e8s la proc\u00e9dure de greffe de cheveux FUE, faites votre recherche d\u00e8s aujourd&#039;hui.\" \/>\n<meta name=\"robots\" content=\"index, follow, max-snippet:-1, max-image-preview:large, max-video-preview:-1\" \/>\n<link rel=\"canonical\" href=\"https:\/\/choiexpert.com\/fr\/faq-sur-la-greffe-de-cheveux\/\" \/>\n<meta property=\"og:locale\" content=\"fr_FR\" \/>\n<meta property=\"og:type\" content=\"article\" \/>\n<meta property=\"og:title\" content=\"FAQ sur la greffe de cheveux %sep%Experts en greffe de cheveux ChoiExpert.com\" \/>\n<meta property=\"og:description\" content=\"FAQ sur la greffe de cheveux - tout ce que vous devez savoir avant et apr\u00e8s la proc\u00e9dure de greffe de cheveux FUE, faites votre recherche d\u00e8s aujourd&#039;hui.\" \/>\n<meta property=\"og:url\" content=\"https:\/\/choiexpert.com\/fr\/faq-sur-la-greffe-de-cheveux\/\" \/>\n<meta property=\"og:site_name\" content=\"Experts en greffe de cheveux\" \/>\n<meta property=\"article:modified_time\" content=\"2026-01-01T16:29:29+00:00\" \/>\n<meta name=\"twitter:card\" content=\"summary_large_image\" \/>\n<meta name=\"twitter:label1\" content=\"Dur\u00e9e de lecture estim\u00e9e\" \/>\n\t<meta name=\"twitter:data1\" content=\"4 minutes\" \/>\n<script type=\"application\/ld+json\" class=\"yoast-schema-graph\">{\"@context\":\"https:\/\/schema.org\",\"@graph\":[{\"@type\":\"WebPage\",\"@id\":\"https:\/\/choiexpert.com\/fr\/faq-sur-la-greffe-de-cheveux\/\",\"url\":\"https:\/\/choiexpert.com\/fr\/faq-sur-la-greffe-de-cheveux\/\",\"name\":\"FAQ sur la greffe de cheveux %sep%Experts en greffe de cheveux ChoiExpert.com\",\"isPartOf\":{\"@id\":\"https:\/\/choiexpert.com\/el\/#website\"},\"datePublished\":\"2025-07-25T10:10:02+00:00\",\"dateModified\":\"2026-01-01T16:29:29+00:00\",\"description\":\"FAQ sur la greffe de cheveux - tout ce que vous devez savoir avant et apr\u00e8s la proc\u00e9dure de greffe de cheveux FUE, faites votre recherche d\u00e8s aujourd'hui.\",\"breadcrumb\":{\"@id\":\"https:\/\/choiexpert.com\/fr\/faq-sur-la-greffe-de-cheveux\/#breadcrumb\"},\"inLanguage\":\"fr-FR\",\"potentialAction\":[{\"@type\":\"ReadAction\",\"target\":[\"https:\/\/choiexpert.com\/fr\/faq-sur-la-greffe-de-cheveux\/\"]}]},{\"@type\":\"BreadcrumbList\",\"@id\":\"https:\/\/choiexpert.com\/fr\/faq-sur-la-greffe-de-cheveux\/#breadcrumb\",\"itemListElement\":[{\"@type\":\"ListItem\",\"position\":1,\"name\":\"Accueil\",\"item\":\"https:\/\/choiexpert.com\/\"},{\"@type\":\"ListItem\",\"position\":2,\"name\":\"FAQ sur la greffe de cheveux\"}]},{\"@type\":\"WebSite\",\"@id\":\"https:\/\/choiexpert.com\/el\/#website\",\"url\":\"https:\/\/choiexpert.com\/el\/\",\"name\":\"Experts en greffe de cheveux\",\"description\":\"Centre de greffe et de perte de cheveux\",\"potentialAction\":[{\"@type\":\"SearchAction\",\"target\":{\"@type\":\"EntryPoint\",\"urlTemplate\":\"https:\/\/choiexpert.com\/el\/?s={search_term_string}\"},\"query-input\":{\"@type\":\"PropertyValueSpecification\",\"valueRequired\":true,\"valueName\":\"search_term_string\"}}],\"inLanguage\":\"fr-FR\"}]}<\/script>\n<!-- \/ Yoast SEO plugin. -->","yoast_head_json":{"title":"FAQ sur la greffe de cheveux %sep%Experts en greffe de cheveux ChoiExpert.com","description":"FAQ sur la greffe de cheveux - tout ce que vous devez savoir avant et apr\u00e8s la proc\u00e9dure de greffe de cheveux FUE, faites votre recherche d\u00e8s aujourd'hui.","robots":{"index":"index","follow":"follow","max-snippet":"max-snippet:-1","max-image-preview":"max-image-preview:large","max-video-preview":"max-video-preview:-1"},"canonical":"https:\/\/choiexpert.com\/fr\/faq-sur-la-greffe-de-cheveux\/","og_locale":"fr_FR","og_type":"article","og_title":"FAQ sur la greffe de cheveux %sep%Experts en greffe de cheveux ChoiExpert.com","og_description":"FAQ sur la greffe de cheveux - tout ce que vous devez savoir avant et apr\u00e8s la proc\u00e9dure de greffe de cheveux FUE, faites votre recherche d\u00e8s aujourd'hui.","og_url":"https:\/\/choiexpert.com\/fr\/faq-sur-la-greffe-de-cheveux\/","og_site_name":"Experts en greffe de cheveux","article_modified_time":"2026-01-01T16:29:29+00:00","twitter_card":"summary_large_image","twitter_misc":{"Dur\u00e9e de lecture estim\u00e9e":"4 minutes"},"schema":{"@context":"https:\/\/schema.org","@graph":[{"@type":"WebPage","@id":"https:\/\/choiexpert.com\/fr\/faq-sur-la-greffe-de-cheveux\/","url":"https:\/\/choiexpert.com\/fr\/faq-sur-la-greffe-de-cheveux\/","name":"FAQ sur la greffe de cheveux %sep%Experts en greffe de cheveux ChoiExpert.com","isPartOf":{"@id":"https:\/\/choiexpert.com\/el\/#website"},"datePublished":"2025-07-25T10:10:02+00:00","dateModified":"2026-01-01T16:29:29+00:00","description":"FAQ sur la greffe de cheveux - tout ce que vous devez savoir avant et apr\u00e8s la proc\u00e9dure de greffe de cheveux FUE, faites votre recherche d\u00e8s aujourd'hui.","breadcrumb":{"@id":"https:\/\/choiexpert.com\/fr\/faq-sur-la-greffe-de-cheveux\/#breadcrumb"},"inLanguage":"fr-FR","potentialAction":[{"@type":"ReadAction","target":["https:\/\/choiexpert.com\/fr\/faq-sur-la-greffe-de-cheveux\/"]}]},{"@type":"BreadcrumbList","@id":"https:\/\/choiexpert.com\/fr\/faq-sur-la-greffe-de-cheveux\/#breadcrumb","itemListElement":[{"@type":"ListItem","position":1,"name":"Accueil","item":"https:\/\/choiexpert.com\/"},{"@type":"ListItem","position":2,"name":"FAQ sur la greffe de cheveux"}]},{"@type":"WebSite","@id":"https:\/\/choiexpert.com\/el\/#website","url":"https:\/\/choiexpert.com\/el\/","name":"Experts en greffe de cheveux","description":"Centre de greffe et de perte de cheveux","potentialAction":[{"@type":"SearchAction","target":{"@type":"EntryPoint","urlTemplate":"https:\/\/choiexpert.com\/el\/?s={search_term_string}"},"query-input":{"@type":"PropertyValueSpecification","valueRequired":true,"valueName":"search_term_string"}}],"inLanguage":"fr-FR"}]}},"_links":{"self":[{"href":"http:\/\/choiexpert.com\/fr\/wp-json\/wp\/v2\/pages\/7740","targetHints":{"allow":["GET"]}}],"collection":[{"href":"http:\/\/choiexpert.com\/fr\/wp-json\/wp\/v2\/pages"}],"about":[{"href":"http:\/\/choiexpert.com\/fr\/wp-json\/wp\/v2\/types\/page"}],"author":[{"embeddable":true,"href":"http:\/\/choiexpert.com\/fr\/wp-json\/wp\/v2\/users\/2"}],"replies":[{"embeddable":true,"href":"http:\/\/choiexpert.com\/fr\/wp-json\/wp\/v2\/comments?post=7740"}],"version-history":[{"count":0,"href":"http:\/\/choiexpert.com\/fr\/wp-json\/wp\/v2\/pages\/7740\/revisions"}],"wp:attachment":[{"href":"http:\/\/choiexpert.com\/fr\/wp-json\/wp\/v2\/media?parent=7740"}],"curies":[{"name":"wp","href":"https:\/\/api.w.org\/{rel}","templated":true}]}}